{"id":13312,"date":"2020-02-20T16:40:40","date_gmt":"2020-02-20T16:40:40","guid":{"rendered":"http:\/\/www.infest.es\/?page_id=13312"},"modified":"2020-02-21T09:42:04","modified_gmt":"2020-02-21T09:42:04","slug":"bases-palomitas","status":"publish","type":"page","link":"http:\/\/www.infest.es\/ca\/bases-palomitas\/","title":{"rendered":"Bases Palomitas"},"content":{"rendered":"<h1>1a edici\u00f3<br \/>\nConcurs de curtmetratges 72h<br \/>\nPALOMITAS<\/h1>\n<h3>DESCRIPCI\u00d3<\/h3>\n<p>Palomitas \u00e9s un concurs de curtmetratges en el qual els participants han de produir en 72 hores<br \/>\nuna pe\u00e7a audiovisual d\u2019un m\u00e0xim de cinc minuts, complint dues premisses establertes per<br \/>\nl\u2019organitzaci\u00f3.<\/p>\n<h3>ORGANITZACI\u00d3<\/h3>\n<p>L\u2019Escola d\u2019Art i Disseny edRa, de Rub\u00ed, l\u2019Associaci\u00f3 d\u2019Alumnes i Ex-alumnes de l\u2019Escola edRa +e,<br \/>\nconjuntament amb l\u2019associaci\u00f3 ARKAM, celebren aquest any la seva primera edici\u00f3.<\/p>\n<h3>DATES<\/h3>\n<p>Publicaci\u00f3 de les premisses: La selecci\u00f3 de les premisses es far\u00e0 a L\u2019Escola d\u2019Art i Disseny edRa,<br \/>\nde Rub\u00ed, i es publicaran a la seva web el mateix dia 20, a les 9 h del mat\u00ed<br \/>\nRodatge: Del 20 al 22 de mar\u00e7<br \/>\nData i hora per lliurar les peces audiovisuals: 22 de mar\u00e7, a les 23.59 h<br \/>\nGala i lliurament de premis: 28 de mar\u00e7 de 2020, durant els premis ARKAM , al Teatre Municipal la<br \/>\nSala, de Rub\u00ed<br \/>\nVisualitzaci\u00f3 de totes les peces enviades a concurs: Dissabte 4 d\u2019abril, al Centre Rubinenc<br \/>\nd\u2019Alternatives Culturals (CRAC)<\/p>\n<h3>INSCRIPCI\u00d3 I PARTICIPACI\u00d3<\/h3>\n<p>La participaci\u00f3 est\u00e0 oberta a qualsevol persona f\u00edsica. No s\u2019admetran a concurs obres presentades<br \/>\nper membres del jurat o de l\u2019organitzaci\u00f3.<\/p>\n<ul>\n<li>REQUISITS DELS CURTMETRATGES<br \/>\nLa pe\u00e7a lliurada haur\u00e0 d\u2019integrar dues premisses, que seran designades pel professorat del<br \/>\ncentre.<\/li>\n<li>La durada m\u00e0xima dels curtmetratges ser\u00e0 de cinc minuts, zero segons i zero fotogrames,<br \/>\ninclosos els t\u00edtols de cr\u00e8dits (inicials i finals).<br \/>\nPel que fa a les caracter\u00edstiques t\u00e8cniques, els formats de lliurament acceptats s\u00f3n .avi .mov<br \/>\ni .mp4 amb codificaci\u00f3 H.264 Standard HDTV 1080p i escala 16:9.<\/li>\n<li>El nom de l\u2019arxiu ha de ser: \u201cPALOMITAS1_t\u00edtol del curt\u201d.<\/li>\n<li>Els t\u00edtols de cr\u00e8dit inicials s\u00f3n el nom del curtmetratge. Els t\u00edtols de cr\u00e8dit finals han d\u2019incloure el<br \/>\nlogotip del concurs, que trobareu a la <a href=\"https:\/\/artedra.net\/web\/170-concurs-de-curtmetratges-72h-palomitas.html\" target=\"_blank\" rel=\"noopener\">p\u00e0gina web de l\u2019Escola edRa<\/a>.<\/li>\n<\/ul>\n<h3>AUTORIA, PROPIETAT, LLIC\u00c8NCIES I CONTINGUTS<\/h3>\n<ul>\n<li>L\u2019organitzaci\u00f3 es reserva el dret de retirar qualsevol treball presentat al concurs per continguts<br \/>\nofensius o inadequats.<\/li>\n<li>Els participants s\u00f3n els \u00fanics responsables del seu treball i de tot all\u00f2 que hi incloguin.<\/li>\n<li>L\u2019organitzaci\u00f3 no s\u2019at\u00e9 a les responsabilitats legals.<\/li>\n<li>Els\/les autors\/res, pel fet de participar en el concurs, cedeixen de forma gratu\u00efta els drets de<br \/>\ncomunicaci\u00f3 p\u00fablica i reproducci\u00f3 sense \u00e0nim de lucre.<\/li>\n<\/ul>\n<h3>CONDICIONS DE LLIURAMENT<\/h3>\n<ul>\n<li>El lliurament s\u2019efectuar\u00e0 a trav\u00e9s de WeTransfer. El representant del grup haur\u00e0 d\u2019enviar: Un correu electr\u00f2nic a palomitas@artedra.net amb l\u2019enlla\u00e7 per descarregar el curtmetratge.<\/li>\n<li>La butlleta omplerta que trobareu al final d\u2019aquest document en format PDF.<\/li>\n<\/ul>\n<h3>PROC\u00c9S DE SELECCI\u00d3<\/h3>\n<p>Tots els curtmetratges rebuts que compleixin les condicions d\u2019inscripci\u00f3 i els requisits de lliurament<br \/>\npr\u00e8viament esmentats, entraran en la fase de concurs.<br \/>\nD\u2019entre aquestes peces, l\u2019organitzaci\u00f3 far\u00e0 la selecci\u00f3 de tres finalistes, que es projectaran durant la<br \/>\ngala dels segons premis ARKAM , el 28 de mar\u00e7 al Teatre Municipal La Sala, de Rub\u00ed, a les 21 hores.<br \/>\nEl curtmetratge guanyador ser\u00e0 escollit per un jurat format pels seleccionadors dels curtmetratges<br \/>\nque passen a la fase de concurs del Festival Internacional de Curtmetratges de Terror, Fant\u00e0stic i<br \/>\nFreak, de Rub\u00ed (INFEST).<br \/>\nLa selecci\u00f3 dels tres finalistes es far\u00e0 atenent a criteris que valoraran la integraci\u00f3 de les premisses,<br \/>\nla qualitat d\u2019imatge i so, l\u2019adequaci\u00f3 del muntatge, la interpretaci\u00f3 i el gui\u00f3.<\/p>\n<h3>PREMI<\/h3>\n<p>L\u2019Associaci\u00f3 d\u2019Alumnes i Ex-alumnes de l\u2019Escola edRa +e proporcionar\u00e0 els segu\u0308ents premis als<br \/>\nguanyadors i finalistes:<\/p>\n<ul>\n<li>1er premi, accessori estabilitzador per a m\u00f2bil.<\/li>\n<li>2n i 3er premi, dues entrades per anar al cinema.<\/li>\n<\/ul>\n<p>&nbsp;<\/p>\n<p><a href=\"http:\/\/www.infest.es\/wp-content\/uploads\/2020\/02\/bases_palomitas_1.pdf\" target=\"_blank\" rel=\"noopener\">Descarrega&#8217;t les bases i la butlleta d&#8217;inscripci\u00f3<\/a><\/p>\n","protected":false},"excerpt":{"rendered":"<p>1a edici\u00f3 Concurs de curtmetratges 72h PALOMITAS DESCRIPCI\u00d3 Palomitas \u00e9s [&hellip;]<\/p>\n","protected":false},"author":1,"featured_media":0,"parent":0,"menu_order":0,"comment_status":"closed","ping_status":"closed","template":"","meta":[],"_links":{"self":[{"href":"http:\/\/www.infest.es\/ca\/wp-json\/wp\/v2\/pages\/13312"}],"collection":[{"href":"http:\/\/www.infest.es\/ca\/wp-json\/wp\/v2\/pages"}],"about":[{"href":"http:\/\/www.infest.es\/ca\/wp-json\/wp\/v2\/types\/page"}],"author":[{"embeddable":true,"href":"http:\/\/www.infest.es\/ca\/wp-json\/wp\/v2\/users\/1"}],"replies":[{"embeddable":true,"href":"http:\/\/www.infest.es\/ca\/wp-json\/wp\/v2\/comments?post=13312"}],"version-history":[{"count":7,"href":"http:\/\/www.infest.es\/ca\/wp-json\/wp\/v2\/pages\/13312\/revisions"}],"predecessor-version":[{"id":13315,"href":"http:\/\/www.infest.es\/ca\/wp-json\/wp\/v2\/pages\/13312\/revisions\/13315"}],"wp:attachment":[{"href":"http:\/\/www.infest.es\/ca\/wp-json\/wp\/v2\/media?parent=13312"}],"curies":[{"name":"wp","href":"https:\/\/api.w.org\/{rel}","templated":true}]}}