{"id":13141,"date":"2020-02-01T11:42:30","date_gmt":"2020-02-01T11:42:30","guid":{"rendered":"http:\/\/www.infest.es\/?page_id=13141"},"modified":"2025-09-14T17:18:40","modified_gmt":"2025-09-14T17:18:40","slug":"bases-2","status":"publish","type":"page","link":"http:\/\/www.infest.es\/ca\/bases-2\/","title":{"rendered":"Bases"},"content":{"rendered":"\t\t<div data-elementor-type=\"wp-page\" data-elementor-id=\"13141\" class=\"elementor elementor-13141\">\n\t\t\t\t\t\t\t\t\t<section class=\"elementor-section elementor-top-section elementor-element elementor-element-ab1b67b elementor-section-boxed elementor-section-height-default elementor-section-height-default\" data-id=\"ab1b67b\" data-element_type=\"section\">\n\t\t\t\t\t\t<div class=\"elementor-container elementor-column-gap-default\">\n\t\t\t\t\t<div class=\"elementor-column elementor-col-50 elementor-top-column elementor-element elementor-element-2fab39b\" data-id=\"2fab39b\" data-element_type=\"column\">\n\t\t\t<div class=\"elementor-widget-wrap elementor-element-populated\">\n\t\t\t\t\t\t\t\t<div class=\"elementor-element elementor-element-37b070e elementor-widget elementor-widget-heading\" data-id=\"37b070e\" data-element_type=\"widget\" data-widget_type=\"heading.default\">\n\t\t\t\t<div class=\"elementor-widget-container\">\n\t\t\t<style>\/*! elementor - v3.13.3 - 28-05-2023 *\/\n.elementor-heading-title{padding:0;margin:0;line-height:1}.elementor-widget-heading .elementor-heading-title[class*=elementor-size-]>a{color:inherit;font-size:inherit;line-height:inherit}.elementor-widget-heading .elementor-heading-title.elementor-size-small{font-size:15px}.elementor-widget-heading .elementor-heading-title.elementor-size-medium{font-size:19px}.elementor-widget-heading .elementor-heading-title.elementor-size-large{font-size:29px}.elementor-widget-heading .elementor-heading-title.elementor-size-xl{font-size:39px}.elementor-widget-heading .elementor-heading-title.elementor-size-xxl{font-size:59px}<\/style><h2 class=\"elementor-heading-title elementor-size-default\">InFest: EL festival Internacional de de curtmetratges de terror, fant\u00e0stic i freak de rub\u00ed<\/h2>\t\t<\/div>\n\t\t\t\t<\/div>\n\t\t\t\t<div class=\"elementor-element elementor-element-63635bb elementor-widget elementor-widget-text-editor\" data-id=\"63635bb\" data-element_type=\"widget\" data-widget_type=\"text-editor.default\">\n\t\t\t\t<div class=\"elementor-widget-container\">\n\t\t\t<style>\/*! elementor - v3.13.3 - 28-05-2023 *\/\n.elementor-widget-text-editor.elementor-drop-cap-view-stacked .elementor-drop-cap{background-color:#69727d;color:#fff}.elementor-widget-text-editor.elementor-drop-cap-view-framed .elementor-drop-cap{color:#69727d;border:3px solid;background-color:transparent}.elementor-widget-text-editor:not(.elementor-drop-cap-view-default) .elementor-drop-cap{margin-top:8px}.elementor-widget-text-editor:not(.elementor-drop-cap-view-default) .elementor-drop-cap-letter{width:1em;height:1em}.elementor-widget-text-editor .elementor-drop-cap{float:left;text-align:center;line-height:1;font-size:50px}.elementor-widget-text-editor .elementor-drop-cap-letter{display:inline-block}<\/style>\t\t\t\t<p>El festival Infest \u00e9s un concurs de curtmetratges de tem\u00e0tica terror, fant\u00e0stic i freak que se celebra a una ciutat de la perif\u00e8ria de Barcelona, al mes de juliol a l\u2019aire lliure.<\/p>\n<p>M\u00e9s cinema, m\u00e9s paneroles, m\u00e9s riures i m\u00e9s Rock N\u2019 Roll. Ens acompanyes?<\/p>\n<p>InFest!<br><\/p><p><br><\/p><h2 data-elementor-setting-key=\"title\" data-pen-placeholder=\"Escriviu aqu\u00ed...\" style=\"color: rgb(53, 133, 132); letter-spacing: normal; -webkit-text-stroke-color: rgb(0, 0, 0); stroke: rgb(0, 0, 0);\"><br><\/h2><p><br><\/p>\t\t\t\t\t\t<\/div>\n\t\t\t\t<\/div>\n\t\t\t\t<div class=\"elementor-element elementor-element-efd579e elementor-widget elementor-widget-text-editor\" data-id=\"efd579e\" data-element_type=\"widget\" data-widget_type=\"text-editor.default\">\n\t\t\t\t<div class=\"elementor-widget-container\">\n\t\t\t\t\t\t\t<p><span style=\"color: #df259c; font-family: Roboto, sans-serif; font-weight: 600; text-align: center;\">Consulta aqu\u00ed les bases<\/span><\/p>\t\t\t\t\t\t<\/div>\n\t\t\t\t<\/div>\n\t\t\t\t\t<\/div>\n\t\t<\/div>\n\t\t\t\t<div class=\"elementor-column elementor-col-50 elementor-top-column elementor-element elementor-element-da3df62\" data-id=\"da3df62\" data-element_type=\"column\">\n\t\t\t<div class=\"elementor-widget-wrap elementor-element-populated\">\n\t\t\t\t\t\t\t\t<div class=\"elementor-element elementor-element-ee5996c elementor-widget elementor-widget-image\" data-id=\"ee5996c\" data-element_type=\"widget\" data-widget_type=\"image.default\">\n\t\t\t\t<div class=\"elementor-widget-container\">\n\t\t\t<style>\/*! elementor - v3.13.3 - 28-05-2023 *\/\n.elementor-widget-image{text-align:center}.elementor-widget-image a{display:inline-block}.elementor-widget-image a img[src$=\".svg\"]{width:48px}.elementor-widget-image img{vertical-align:middle;display:inline-block}<\/style>\t\t\t\t\t\t\t\t\t\t\t\t<img decoding=\"async\" width=\"893\" height=\"1024\" src=\"http:\/\/www.infest.es\/wp-content\/uploads\/2025\/09\/Imagen-de-WhatsApp-2025-09-14-a-las-18.46.21_c9df421e-893x1024.jpg\" class=\"attachment-large size-large wp-image-20514\" alt=\"presentadors disfressats\" loading=\"lazy\" srcset=\"http:\/\/www.infest.es\/wp-content\/uploads\/2025\/09\/Imagen-de-WhatsApp-2025-09-14-a-las-18.46.21_c9df421e-200x229.jpg 200w, http:\/\/www.infest.es\/wp-content\/uploads\/2025\/09\/Imagen-de-WhatsApp-2025-09-14-a-las-18.46.21_c9df421e-262x300.jpg 262w, http:\/\/www.infest.es\/wp-content\/uploads\/2025\/09\/Imagen-de-WhatsApp-2025-09-14-a-las-18.46.21_c9df421e-400x459.jpg 400w, http:\/\/www.infest.es\/wp-content\/uploads\/2025\/09\/Imagen-de-WhatsApp-2025-09-14-a-las-18.46.21_c9df421e-600x688.jpg 600w, http:\/\/www.infest.es\/wp-content\/uploads\/2025\/09\/Imagen-de-WhatsApp-2025-09-14-a-las-18.46.21_c9df421e-768x881.jpg 768w, http:\/\/www.infest.es\/wp-content\/uploads\/2025\/09\/Imagen-de-WhatsApp-2025-09-14-a-las-18.46.21_c9df421e-800x917.jpg 800w, http:\/\/www.infest.es\/wp-content\/uploads\/2025\/09\/Imagen-de-WhatsApp-2025-09-14-a-las-18.46.21_c9df421e-893x1024.jpg 893w, http:\/\/www.infest.es\/wp-content\/uploads\/2025\/09\/Imagen-de-WhatsApp-2025-09-14-a-las-18.46.21_c9df421e-1200x1376.jpg 1200w, http:\/\/www.infest.es\/wp-content\/uploads\/2025\/09\/Imagen-de-WhatsApp-2025-09-14-a-las-18.46.21_c9df421e-1340x1536.jpg 1340w, http:\/\/www.infest.es\/wp-content\/uploads\/2025\/09\/Imagen-de-WhatsApp-2025-09-14-a-las-18.46.21_c9df421e.jpg 1786w\" sizes=\"(max-width: 893px) 100vw, 893px\" \/>\t\t\t\t\t\t\t\t\t\t\t\t\t\t\t<\/div>\n\t\t\t\t<\/div>\n\t\t\t\t\t<\/div>\n\t\t<\/div>\n\t\t\t\t\t\t\t<\/div>\n\t\t<\/section>\n\t\t\t\t<section class=\"elementor-section elementor-top-section elementor-element elementor-element-56cc819 elementor-section-boxed elementor-section-height-default elementor-section-height-default\" data-id=\"56cc819\" data-element_type=\"section\">\n\t\t\t\t\t\t<div class=\"elementor-container elementor-column-gap-default\">\n\t\t\t\t\t<div class=\"elementor-column elementor-col-66 elementor-top-column elementor-element elementor-element-a0c2163\" data-id=\"a0c2163\" data-element_type=\"column\">\n\t\t\t<div class=\"elementor-widget-wrap elementor-element-populated\">\n\t\t\t\t\t\t\t\t<div class=\"elementor-element elementor-element-348648a elementor-widget elementor-widget-image\" data-id=\"348648a\" data-element_type=\"widget\" data-widget_type=\"image.default\">\n\t\t\t\t<div class=\"elementor-widget-container\">\n\t\t\t\t\t\t\t\t\t\t\t\t\t\t\t<img decoding=\"async\" src=\"https:\/\/web.archive.org\/web\/20250426042207im_\/http:\/\/www.infest.es\/wp-content\/uploads\/2022\/06\/foradepla.jpg\" title=\"\" alt=\"\" loading=\"lazy\" \/>\t\t\t\t\t\t\t\t\t\t\t\t\t\t\t<\/div>\n\t\t\t\t<\/div>\n\t\t\t\t\t<\/div>\n\t\t<\/div>\n\t\t\t\t<div class=\"elementor-column elementor-col-33 elementor-top-column elementor-element elementor-element-fc5a54e\" data-id=\"fc5a54e\" data-element_type=\"column\">\n\t\t\t<div class=\"elementor-widget-wrap elementor-element-populated\">\n\t\t\t\t\t\t\t\t<div class=\"elementor-element elementor-element-b8f7efb elementor-widget elementor-widget-heading\" data-id=\"b8f7efb\" data-element_type=\"widget\" data-widget_type=\"heading.default\">\n\t\t\t\t<div class=\"elementor-widget-container\">\n\t\t\t<h2 class=\"elementor-heading-title elementor-size-default\">Premis fora de pla<\/h2>\t\t<\/div>\n\t\t\t\t<\/div>\n\t\t\t\t<div class=\"elementor-element elementor-element-b4afa58 elementor-widget elementor-widget-text-editor\" data-id=\"b4afa58\" data-element_type=\"widget\" data-widget_type=\"text-editor.default\">\n\t\t\t\t<div class=\"elementor-widget-container\">\n\t\t\t\t\t\t\t<p>\u00a0Hi podrem veure una selecci\u00f3 dels millors treballs audiovisuals de tot el Vall\u00e8s. En aquesta divertida gala gaudireu de bon cinema i podreu con\u00e8ixer als directors i les directores dels treballs finalistes. No us ho podeu perdre, aquests s\u00f3n els Oscars del Vall\u00e8s. Fins i tot HEU de venir d\u2019etiqueta! Alea jacta est el jurat decidir\u00e0<\/p>\t\t\t\t\t\t<\/div>\n\t\t\t\t<\/div>\n\t\t\t\t<div class=\"elementor-element elementor-element-757c122 elementor-widget elementor-widget-text-editor\" data-id=\"757c122\" data-element_type=\"widget\" data-widget_type=\"text-editor.default\">\n\t\t\t\t<div class=\"elementor-widget-container\">\n\t\t\t\t\t\t\t<p>Consulta aqu\u00ed les bases<\/p>\t\t\t\t\t\t<\/div>\n\t\t\t\t<\/div>\n\t\t\t\t\t<\/div>\n\t\t<\/div>\n\t\t\t\t\t\t\t<\/div>\n\t\t<\/section>\n\t\t\t\t<section class=\"elementor-section elementor-top-section elementor-element elementor-element-23bd380 elementor-section-boxed elementor-section-height-default elementor-section-height-default\" data-id=\"23bd380\" data-element_type=\"section\">\n\t\t\t\t\t\t<div class=\"elementor-container elementor-column-gap-default\">\n\t\t\t\t\t<div class=\"elementor-column elementor-col-100 elementor-top-column elementor-element elementor-element-bda5b81\" data-id=\"bda5b81\" data-element_type=\"column\">\n\t\t\t<div class=\"elementor-widget-wrap elementor-element-populated\">\n\t\t\t\t\t\t\t\t<div class=\"elementor-element elementor-element-03d3a35 elementor-widget elementor-widget-heading\" data-id=\"03d3a35\" data-element_type=\"widget\" data-widget_type=\"heading.default\">\n\t\t\t\t<div class=\"elementor-widget-container\">\n\t\t\t<h2 class=\"elementor-heading-title elementor-size-default\">Aquestes s\u00f3n les plataformes que fem servir perqu\u00e8 ens facin arribar els curts<\/h2>\t\t<\/div>\n\t\t\t\t<\/div>\n\t\t\t\t<div class=\"elementor-element elementor-element-dd078df elementor-widget elementor-widget-image\" data-id=\"dd078df\" data-element_type=\"widget\" data-widget_type=\"image.default\">\n\t\t\t\t<div class=\"elementor-widget-container\">\n\t\t\t\t\t\t\t\t\t\t\t\t\t\t\t<img decoding=\"async\" src=\"https:\/\/web.archive.org\/web\/20250426042207im_\/http:\/\/www.infest.es\/wp-content\/uploads\/2020\/02\/clickforfestivals-blanco-e1581012126858.jpg\" title=\"\" alt=\"\" loading=\"lazy\" \/>\t\t\t\t\t\t\t\t\t\t\t\t\t\t\t<\/div>\n\t\t\t\t<\/div>\n\t\t\t\t\t<\/div>\n\t\t<\/div>\n\t\t\t\t\t\t\t<\/div>\n\t\t<\/section>\n\t\t\t\t<section class=\"elementor-section elementor-top-section elementor-element elementor-element-7e3ef6e7 elementor-section-boxed elementor-section-height-default elementor-section-height-default\" data-id=\"7e3ef6e7\" data-element_type=\"section\">\n\t\t\t\t\t\t<div class=\"elementor-container elementor-column-gap-default\">\n\t\t\t\t\t<div class=\"elementor-column elementor-col-50 elementor-top-column elementor-element elementor-element-57a8af63\" data-id=\"57a8af63\" data-element_type=\"column\">\n\t\t\t<div class=\"elementor-widget-wrap elementor-element-populated\">\n\t\t\t\t\t\t\t\t<div class=\"elementor-element elementor-element-2423bd71 elementor-widget elementor-widget-heading\" data-id=\"2423bd71\" data-element_type=\"widget\" data-widget_type=\"heading.default\">\n\t\t\t\t<div class=\"elementor-widget-container\">\n\t\t\t<h2 class=\"elementor-heading-title elementor-size-default\">InFest: EL festival Internacional de de curtmetratges de terror, fant\u00e0stic i freak de rub\u00ed<\/h2>\t\t<\/div>\n\t\t\t\t<\/div>\n\t\t\t\t<div class=\"elementor-element elementor-element-5510dde1 elementor-widget elementor-widget-text-editor\" data-id=\"5510dde1\" data-element_type=\"widget\" data-widget_type=\"text-editor.default\">\n\t\t\t\t<div class=\"elementor-widget-container\">\n\t\t\t\t\t\t\t<p>El festival Infest \u00e9s un concurs de curtmetratges de tem\u00e0tica terror, fant\u00e0stic i freak que se celebra a una ciutat de la perif\u00e8ria de Barcelona, al mes de juliol a l\u2019aire lliure.<\/p>\n<p>M\u00e9s cinema, m\u00e9s paneroles, m\u00e9s riures i m\u00e9s Rock N\u2019 Roll. Ens acompanyes?<\/p>\n<p>InFest!<br><\/p><p><br><\/p><h2 data-elementor-setting-key=\"title\" data-pen-placeholder=\"Escriviu aqu\u00ed...\" style=\"color: rgb(53, 133, 132); letter-spacing: normal; -webkit-text-stroke-color: rgb(0, 0, 0); stroke: rgb(0, 0, 0);\"><br><\/h2><p><br><\/p>\t\t\t\t\t\t<\/div>\n\t\t\t\t<\/div>\n\t\t\t\t<div class=\"elementor-element elementor-element-a63ebe3 elementor-widget elementor-widget-text-editor\" data-id=\"a63ebe3\" data-element_type=\"widget\" data-widget_type=\"text-editor.default\">\n\t\t\t\t<div class=\"elementor-widget-container\">\n\t\t\t\t\t\t\t<p><span style=\"color: #df259c; font-family: Roboto, sans-serif; font-weight: 600; text-align: center;\">Consulta aqu\u00ed les bases<\/span><\/p>\t\t\t\t\t\t<\/div>\n\t\t\t\t<\/div>\n\t\t\t\t\t<\/div>\n\t\t<\/div>\n\t\t\t\t<div class=\"elementor-column elementor-col-50 elementor-top-column elementor-element elementor-element-1f2569cc\" data-id=\"1f2569cc\" data-element_type=\"column\">\n\t\t\t<div class=\"elementor-widget-wrap elementor-element-populated\">\n\t\t\t\t\t\t\t\t<div class=\"elementor-element elementor-element-31d715fa elementor-widget elementor-widget-image\" data-id=\"31d715fa\" data-element_type=\"widget\" data-widget_type=\"image.default\">\n\t\t\t\t<div class=\"elementor-widget-container\">\n\t\t\t\t\t\t\t\t\t\t\t\t\t\t\t<img decoding=\"async\" width=\"893\" height=\"1024\" src=\"http:\/\/www.infest.es\/wp-content\/uploads\/2025\/09\/Imagen-de-WhatsApp-2025-09-14-a-las-18.46.21_c9df421e-893x1024.jpg\" class=\"attachment-large size-large wp-image-20514\" alt=\"presentadors disfressats\" loading=\"lazy\" srcset=\"http:\/\/www.infest.es\/wp-content\/uploads\/2025\/09\/Imagen-de-WhatsApp-2025-09-14-a-las-18.46.21_c9df421e-200x229.jpg 200w, http:\/\/www.infest.es\/wp-content\/uploads\/2025\/09\/Imagen-de-WhatsApp-2025-09-14-a-las-18.46.21_c9df421e-262x300.jpg 262w, http:\/\/www.infest.es\/wp-content\/uploads\/2025\/09\/Imagen-de-WhatsApp-2025-09-14-a-las-18.46.21_c9df421e-400x459.jpg 400w, http:\/\/www.infest.es\/wp-content\/uploads\/2025\/09\/Imagen-de-WhatsApp-2025-09-14-a-las-18.46.21_c9df421e-600x688.jpg 600w, http:\/\/www.infest.es\/wp-content\/uploads\/2025\/09\/Imagen-de-WhatsApp-2025-09-14-a-las-18.46.21_c9df421e-768x881.jpg 768w, http:\/\/www.infest.es\/wp-content\/uploads\/2025\/09\/Imagen-de-WhatsApp-2025-09-14-a-las-18.46.21_c9df421e-800x917.jpg 800w, http:\/\/www.infest.es\/wp-content\/uploads\/2025\/09\/Imagen-de-WhatsApp-2025-09-14-a-las-18.46.21_c9df421e-893x1024.jpg 893w, http:\/\/www.infest.es\/wp-content\/uploads\/2025\/09\/Imagen-de-WhatsApp-2025-09-14-a-las-18.46.21_c9df421e-1200x1376.jpg 1200w, http:\/\/www.infest.es\/wp-content\/uploads\/2025\/09\/Imagen-de-WhatsApp-2025-09-14-a-las-18.46.21_c9df421e-1340x1536.jpg 1340w, http:\/\/www.infest.es\/wp-content\/uploads\/2025\/09\/Imagen-de-WhatsApp-2025-09-14-a-las-18.46.21_c9df421e.jpg 1786w\" sizes=\"(max-width: 893px) 100vw, 893px\" \/>\t\t\t\t\t\t\t\t\t\t\t\t\t\t\t<\/div>\n\t\t\t\t<\/div>\n\t\t\t\t\t<\/div>\n\t\t<\/div>\n\t\t\t\t\t\t\t<\/div>\n\t\t<\/section>\n\t\t\t\t<section class=\"elementor-section elementor-top-section elementor-element elementor-element-29a62295 elementor-section-boxed elementor-section-height-default elementor-section-height-default\" data-id=\"29a62295\" data-element_type=\"section\">\n\t\t\t\t\t\t<div class=\"elementor-container elementor-column-gap-default\">\n\t\t\t\t\t<div class=\"elementor-column elementor-col-66 elementor-top-column elementor-element elementor-element-762b6ce9\" data-id=\"762b6ce9\" data-element_type=\"column\">\n\t\t\t<div class=\"elementor-widget-wrap elementor-element-populated\">\n\t\t\t\t\t\t\t\t<div class=\"elementor-element elementor-element-61881c8b elementor-widget elementor-widget-image\" data-id=\"61881c8b\" data-element_type=\"widget\" data-widget_type=\"image.default\">\n\t\t\t\t<div class=\"elementor-widget-container\">\n\t\t\t\t\t\t\t\t\t\t\t\t\t\t\t<img decoding=\"async\" src=\"https:\/\/web.archive.org\/web\/20250426042207im_\/http:\/\/www.infest.es\/wp-content\/uploads\/2022\/06\/foradepla.jpg\" title=\"\" alt=\"\" loading=\"lazy\" \/>\t\t\t\t\t\t\t\t\t\t\t\t\t\t\t<\/div>\n\t\t\t\t<\/div>\n\t\t\t\t\t<\/div>\n\t\t<\/div>\n\t\t\t\t<div class=\"elementor-column elementor-col-33 elementor-top-column elementor-element elementor-element-298c3d66\" data-id=\"298c3d66\" data-element_type=\"column\">\n\t\t\t<div class=\"elementor-widget-wrap elementor-element-populated\">\n\t\t\t\t\t\t\t\t<div class=\"elementor-element elementor-element-27733bd0 elementor-widget elementor-widget-heading\" data-id=\"27733bd0\" data-element_type=\"widget\" data-widget_type=\"heading.default\">\n\t\t\t\t<div class=\"elementor-widget-container\">\n\t\t\t<h2 class=\"elementor-heading-title elementor-size-default\">Premis fora de pla<\/h2>\t\t<\/div>\n\t\t\t\t<\/div>\n\t\t\t\t<div class=\"elementor-element elementor-element-598208d2 elementor-widget elementor-widget-text-editor\" data-id=\"598208d2\" data-element_type=\"widget\" data-widget_type=\"text-editor.default\">\n\t\t\t\t<div class=\"elementor-widget-container\">\n\t\t\t\t\t\t\t<p>\u00a0Hi podrem veure una selecci\u00f3 dels millors treballs audiovisuals de tot el Vall\u00e8s. En aquesta divertida gala gaudireu de bon cinema i podreu con\u00e8ixer als directors i les directores dels treballs finalistes. No us ho podeu perdre, aquests s\u00f3n els Oscars del Vall\u00e8s. Fins i tot HEU de venir d\u2019etiqueta! Alea jacta est el jurat decidir\u00e0<\/p>\t\t\t\t\t\t<\/div>\n\t\t\t\t<\/div>\n\t\t\t\t<div class=\"elementor-element elementor-element-782fd53a elementor-widget elementor-widget-text-editor\" data-id=\"782fd53a\" data-element_type=\"widget\" data-widget_type=\"text-editor.default\">\n\t\t\t\t<div class=\"elementor-widget-container\">\n\t\t\t\t\t\t\t<p>Consulta aqu\u00ed les bases<\/p>\t\t\t\t\t\t<\/div>\n\t\t\t\t<\/div>\n\t\t\t\t\t<\/div>\n\t\t<\/div>\n\t\t\t\t\t\t\t<\/div>\n\t\t<\/section>\n\t\t\t\t<section class=\"elementor-section elementor-top-section elementor-element elementor-element-246da56 elementor-section-boxed elementor-section-height-default elementor-section-height-default\" data-id=\"246da56\" data-element_type=\"section\">\n\t\t\t\t\t\t<div class=\"elementor-container elementor-column-gap-default\">\n\t\t\t\t\t<div class=\"elementor-column elementor-col-100 elementor-top-column elementor-element elementor-element-518fe703\" data-id=\"518fe703\" data-element_type=\"column\">\n\t\t\t<div class=\"elementor-widget-wrap elementor-element-populated\">\n\t\t\t\t\t\t\t\t<div class=\"elementor-element elementor-element-17195661 elementor-widget elementor-widget-heading\" data-id=\"17195661\" data-element_type=\"widget\" data-widget_type=\"heading.default\">\n\t\t\t\t<div class=\"elementor-widget-container\">\n\t\t\t<h2 class=\"elementor-heading-title elementor-size-default\">Aquestes s\u00f3n les plataformes que fem servir perqu\u00e8 ens facin arribar els curts<\/h2>\t\t<\/div>\n\t\t\t\t<\/div>\n\t\t\t\t<div class=\"elementor-element elementor-element-1f0410dc elementor-widget elementor-widget-image\" data-id=\"1f0410dc\" data-element_type=\"widget\" data-widget_type=\"image.default\">\n\t\t\t\t<div class=\"elementor-widget-container\">\n\t\t\t\t\t\t\t\t\t\t\t\t\t\t\t<img decoding=\"async\" src=\"https:\/\/web.archive.org\/web\/20250426042207im_\/http:\/\/www.infest.es\/wp-content\/uploads\/2020\/02\/clickforfestivals-blanco-e1581012126858.jpg\" title=\"\" alt=\"\" loading=\"lazy\" \/>\t\t\t\t\t\t\t\t\t\t\t\t\t\t\t<\/div>\n\t\t\t\t<\/div>\n\t\t\t\t\t<\/div>\n\t\t<\/div>\n\t\t\t\t\t\t\t<\/div>\n\t\t<\/section>\n\t\t\t\t\t\t\t<\/div>\n\t\t","protected":false},"excerpt":{"rendered":"<p>InFest: EL festival Internacional de de curtmetratges de terror, fant\u00e0stic [&hellip;]<\/p>\n","protected":false},"author":1,"featured_media":0,"parent":0,"menu_order":0,"comment_status":"closed","ping_status":"closed","template":"","meta":[],"_links":{"self":[{"href":"http:\/\/www.infest.es\/ca\/wp-json\/wp\/v2\/pages\/13141"}],"collection":[{"href":"http:\/\/www.infest.es\/ca\/wp-json\/wp\/v2\/pages"}],"about":[{"href":"http:\/\/www.infest.es\/ca\/wp-json\/wp\/v2\/types\/page"}],"author":[{"embeddable":true,"href":"http:\/\/www.infest.es\/ca\/wp-json\/wp\/v2\/users\/1"}],"replies":[{"embeddable":true,"href":"http:\/\/www.infest.es\/ca\/wp-json\/wp\/v2\/comments?post=13141"}],"version-history":[{"count":5,"href":"http:\/\/www.infest.es\/ca\/wp-json\/wp\/v2\/pages\/13141\/revisions"}],"predecessor-version":[{"id":20526,"href":"http:\/\/www.infest.es\/ca\/wp-json\/wp\/v2\/pages\/13141\/revisions\/20526"}],"wp:attachment":[{"href":"http:\/\/www.infest.es\/ca\/wp-json\/wp\/v2\/media?parent=13141"}],"curies":[{"name":"wp","href":"https:\/\/api.w.org\/{rel}","templated":true}]}}